{"id":2462,"date":"2025-03-07T10:08:43","date_gmt":"2025-03-07T09:08:43","guid":{"rendered":"https:\/\/jardin.vallonchene.fr\/?page_id=2462"},"modified":"2025-10-23T10:23:20","modified_gmt":"2025-10-23T08:23:20","slug":"der-garten","status":"publish","type":"page","link":"https:\/\/jardin.vallonchene.fr\/de\/","title":{"rendered":"Der Garten"},"content":{"rendered":"\n<figure class=\"wp-block-image alignwide size-large\"><img loading=\"lazy\" decoding=\"async\" width=\"1024\" height=\"340\" src=\"https:\/\/jardin.vallonchene.fr\/wp-content\/uploads\/2022\/11\/IMG20210610175006_02-1024x340.jpg\" alt=\"Ansicht der mehrhundertj\u00e4hring Eiche\" class=\"wp-image-29\" srcset=\"https:\/\/jardin.vallonchene.fr\/wp-content\/uploads\/2022\/11\/IMG20210610175006_02-1024x340.jpg 1024w, https:\/\/jardin.vallonchene.fr\/wp-content\/uploads\/2022\/11\/IMG20210610175006_02-300x100.jpg 300w, https:\/\/jardin.vallonchene.fr\/wp-content\/uploads\/2022\/11\/IMG20210610175006_02-768x255.jpg 768w, https:\/\/jardin.vallonchene.fr\/wp-content\/uploads\/2022\/11\/IMG20210610175006_02-1536x510.jpg 1536w, https:\/\/jardin.vallonchene.fr\/wp-content\/uploads\/2022\/11\/IMG20210610175006_02.jpg 1600w\" sizes=\"auto, (max-width: 1024px) 100vw, 1024px\" \/><figcaption class=\"wp-element-caption\">Ansicht der mehrhundertj\u00e4hrigen Eiche<\/figcaption><\/figure>\n\n\n\n<h1 class=\"wp-block-heading\">Der Garten<\/h1>\n\n\n\n<h2 class=\"wp-block-heading\">Tauchen Sie ein in einen au\u00dfergew\u00f6hnlichen botanischen Garten<\/h2>\n\n\n\n<p>Eingebettet in die Region Seine-Maritime zwischen Rouen, Forges-les-Eaux und Neufch\u00e2tel-en-Bray l\u00e4dt der Jardin de Vallonch\u00eane Sie zu einem au\u00dfergew\u00f6hnlichen Pflanzenausflug ein. Dieser englische Garten, der nur nach Vereinbarung zug\u00e4nglich ist (<a href=\"#visiter-le-jardin-de-vallonchene\">weitere Informationen hier<\/a>), bietet eine einzigartige Sammlung seltener und ungew\u00f6hnlicher Pflanzen in einer h\u00fcgeligen Landschaft, die von zwei B\u00e4chen durchquert wird.<\/p>\n\n\n\n<figure class=\"wp-block-gallery has-nested-images columns-4 is-cropped wp-block-gallery-1 is-layout-flex wp-block-gallery-is-layout-flex\">\n<figure class=\"wp-block-image size-medium\"><img loading=\"lazy\" decoding=\"async\" width=\"300\" height=\"300\" data-id=\"1851\" src=\"https:\/\/jardin.vallonchene.fr\/wp-content\/uploads\/2022\/11\/20220917_182610-300x300.jpg\" alt=\"PSEUDOCYDONIA sinensis\" class=\"wp-image-1851\" srcset=\"https:\/\/jardin.vallonchene.fr\/wp-content\/uploads\/2022\/11\/20220917_182610-300x300.jpg 300w, https:\/\/jardin.vallonchene.fr\/wp-content\/uploads\/2022\/11\/20220917_182610-1024x1024.jpg 1024w, https:\/\/jardin.vallonchene.fr\/wp-content\/uploads\/2022\/11\/20220917_182610-150x150.jpg 150w, https:\/\/jardin.vallonchene.fr\/wp-content\/uploads\/2022\/11\/20220917_182610-768x768.jpg 768w, https:\/\/jardin.vallonchene.fr\/wp-content\/uploads\/2022\/11\/20220917_182610-1536x1536.jpg 1536w, https:\/\/jardin.vallonchene.fr\/wp-content\/uploads\/2022\/11\/20220917_182610.jpg 1600w\" sizes=\"auto, (max-width: 300px) 100vw, 300px\" \/><\/figure>\n\n\n\n<figure class=\"wp-block-image size-medium\"><img loading=\"lazy\" decoding=\"async\" width=\"300\" height=\"300\" data-id=\"1943\" src=\"https:\/\/jardin.vallonchene.fr\/wp-content\/uploads\/2022\/11\/IMG_2944-300x300.jpg\" alt=\"MAGNOLIA sieboldii\" class=\"wp-image-1943\" srcset=\"https:\/\/jardin.vallonchene.fr\/wp-content\/uploads\/2022\/11\/IMG_2944-300x300.jpg 300w, https:\/\/jardin.vallonchene.fr\/wp-content\/uploads\/2022\/11\/IMG_2944-1024x1024.jpg 1024w, https:\/\/jardin.vallonchene.fr\/wp-content\/uploads\/2022\/11\/IMG_2944-150x150.jpg 150w, https:\/\/jardin.vallonchene.fr\/wp-content\/uploads\/2022\/11\/IMG_2944-768x768.jpg 768w, https:\/\/jardin.vallonchene.fr\/wp-content\/uploads\/2022\/11\/IMG_2944-1536x1536.jpg 1536w, https:\/\/jardin.vallonchene.fr\/wp-content\/uploads\/2022\/11\/IMG_2944.jpg 1600w\" sizes=\"auto, (max-width: 300px) 100vw, 300px\" \/><\/figure>\n\n\n\n<figure class=\"wp-block-image size-medium\"><img loading=\"lazy\" decoding=\"async\" width=\"300\" height=\"300\" data-id=\"1987\" src=\"https:\/\/jardin.vallonchene.fr\/wp-content\/uploads\/2022\/11\/Satomi-300x300.jpg\" alt=\"CORNUS kousa 'Satomi\" class=\"wp-image-1987\" srcset=\"https:\/\/jardin.vallonchene.fr\/wp-content\/uploads\/2022\/11\/Satomi-300x300.jpg 300w, https:\/\/jardin.vallonchene.fr\/wp-content\/uploads\/2022\/11\/Satomi-1024x1024.jpg 1024w, https:\/\/jardin.vallonchene.fr\/wp-content\/uploads\/2022\/11\/Satomi-150x150.jpg 150w, https:\/\/jardin.vallonchene.fr\/wp-content\/uploads\/2022\/11\/Satomi-768x768.jpg 768w, https:\/\/jardin.vallonchene.fr\/wp-content\/uploads\/2022\/11\/Satomi.jpg 1190w\" sizes=\"auto, (max-width: 300px) 100vw, 300px\" \/><\/figure>\n\n\n\n<figure class=\"wp-block-image size-medium\"><img loading=\"lazy\" decoding=\"async\" width=\"300\" height=\"300\" data-id=\"1983\" src=\"https:\/\/jardin.vallonchene.fr\/wp-content\/uploads\/2022\/11\/Plantes-2011-07-0917-17-48_modifiee-300x300.jpg\" alt=\"HYDRANGEA paniculata 'Great Star'\" class=\"wp-image-1983\" srcset=\"https:\/\/jardin.vallonchene.fr\/wp-content\/uploads\/2022\/11\/Plantes-2011-07-0917-17-48_modifiee-300x300.jpg 300w, https:\/\/jardin.vallonchene.fr\/wp-content\/uploads\/2022\/11\/Plantes-2011-07-0917-17-48_modifiee-1024x1024.jpg 1024w, https:\/\/jardin.vallonchene.fr\/wp-content\/uploads\/2022\/11\/Plantes-2011-07-0917-17-48_modifiee-150x150.jpg 150w, https:\/\/jardin.vallonchene.fr\/wp-content\/uploads\/2022\/11\/Plantes-2011-07-0917-17-48_modifiee-768x768.jpg 768w, https:\/\/jardin.vallonchene.fr\/wp-content\/uploads\/2022\/11\/Plantes-2011-07-0917-17-48_modifiee-1536x1536.jpg 1536w, https:\/\/jardin.vallonchene.fr\/wp-content\/uploads\/2022\/11\/Plantes-2011-07-0917-17-48_modifiee.jpg 1600w\" sizes=\"auto, (max-width: 300px) 100vw, 300px\" \/><\/figure>\n<\/figure>\n\n\n\n<h2 class=\"wp-block-heading\">Ein Zufluchtsort f\u00fcr die Biodiversit\u00e4t<\/h2>\n\n\n\n<p>Weit davon entfernt, nur ein einfacher Lustgarten zu sein, spielt der Jardin de Vallonch\u00eane eine entscheidende Rolle beim Erhalt der Biodiversit\u00e4t. Die <a href=\"https:\/\/www.vallonchene.fr\/de\/\">Baumschule Vallonch\u00eane<\/a>, die das Gel\u00e4nde nutzt, kultiviert die Mutterpflanzen ihrer Produktion, testet neue Arten und Sorten, die widerstandsf\u00e4hig gegen den Klimawandel sind, und tr\u00e4gt zum Erhalt gef\u00e4hrdeter Pflanzenarten bei.<\/p>\n\n\n\n<figure class=\"wp-block-gallery has-nested-images columns-2 is-cropped wp-block-gallery-2 is-layout-flex wp-block-gallery-is-layout-flex\">\n<figure class=\"wp-block-image size-large\"><img loading=\"lazy\" decoding=\"async\" width=\"1024\" height=\"824\" data-id=\"1923\" src=\"https:\/\/jardin.vallonchene.fr\/wp-content\/uploads\/2022\/11\/IMG_20220610_185442-1024x824.jpg\" alt=\"Scots pine bark\" class=\"wp-image-1923\" srcset=\"https:\/\/jardin.vallonchene.fr\/wp-content\/uploads\/2022\/11\/IMG_20220610_185442-1024x824.jpg 1024w, https:\/\/jardin.vallonchene.fr\/wp-content\/uploads\/2022\/11\/IMG_20220610_185442-300x241.jpg 300w, https:\/\/jardin.vallonchene.fr\/wp-content\/uploads\/2022\/11\/IMG_20220610_185442-768x618.jpg 768w, https:\/\/jardin.vallonchene.fr\/wp-content\/uploads\/2022\/11\/IMG_20220610_185442-1536x1236.jpg 1536w, https:\/\/jardin.vallonchene.fr\/wp-content\/uploads\/2022\/11\/IMG_20220610_185442.jpg 1989w\" sizes=\"auto, (max-width: 1024px) 100vw, 1024px\" \/><\/figure>\n\n\n\n<figure class=\"wp-block-image size-large\"><img loading=\"lazy\" decoding=\"async\" width=\"1024\" height=\"768\" data-id=\"1847\" src=\"https:\/\/jardin.vallonchene.fr\/wp-content\/uploads\/2022\/11\/20220716_195731-1024x768.jpg\" alt=\"ACANTHUS\" class=\"wp-image-1847\" srcset=\"https:\/\/jardin.vallonchene.fr\/wp-content\/uploads\/2022\/11\/20220716_195731-1024x768.jpg 1024w, https:\/\/jardin.vallonchene.fr\/wp-content\/uploads\/2022\/11\/20220716_195731-300x225.jpg 300w, https:\/\/jardin.vallonchene.fr\/wp-content\/uploads\/2022\/11\/20220716_195731-768x576.jpg 768w, https:\/\/jardin.vallonchene.fr\/wp-content\/uploads\/2022\/11\/20220716_195731-1536x1152.jpg 1536w, https:\/\/jardin.vallonchene.fr\/wp-content\/uploads\/2022\/11\/20220716_195731-2048x1536.jpg 2048w\" sizes=\"auto, (max-width: 1024px) 100vw, 1024px\" \/><\/figure>\n\n\n\n<figure class=\"wp-block-image size-large\"><img loading=\"lazy\" decoding=\"async\" width=\"1024\" height=\"341\" data-id=\"2631\" src=\"https:\/\/jardin.vallonchene.fr\/wp-content\/uploads\/2025\/03\/IMG_20220610_114724-1024x341.jpg\" alt=\"Cercle des SEQUOIADENDRON giganteum\" class=\"wp-image-2631\" srcset=\"https:\/\/jardin.vallonchene.fr\/wp-content\/uploads\/2025\/03\/IMG_20220610_114724-1024x341.jpg 1024w, https:\/\/jardin.vallonchene.fr\/wp-content\/uploads\/2025\/03\/IMG_20220610_114724-300x100.jpg 300w, https:\/\/jardin.vallonchene.fr\/wp-content\/uploads\/2025\/03\/IMG_20220610_114724-768x256.jpg 768w, https:\/\/jardin.vallonchene.fr\/wp-content\/uploads\/2025\/03\/IMG_20220610_114724-1536x512.jpg 1536w, https:\/\/jardin.vallonchene.fr\/wp-content\/uploads\/2025\/03\/IMG_20220610_114724-2048x682.jpg 2048w\" sizes=\"auto, (max-width: 1024px) 100vw, 1024px\" \/><\/figure>\n<\/figure>\n\n\n\n<h2 class=\"wp-block-heading\">Ein bezaubernder Spaziergang<\/h2>\n\n\n\n<p>Auf einer Fl\u00e4che von \u00fcber sechs Hektar enth\u00fcllt der Garten eine Vielzahl botanischer Sch\u00e4tze. Von jahrhundertealten Eichen \u00fcber wenig bekannte Str\u00e4ucher bis hin zu spektakul\u00e4r bl\u00fchenden Stauden \u2013 jeder Schritt birgt eine neue \u00dcberraschung. Lassen Sie sich von den verschlungenen Pfaden leiten und genie\u00dfen Sie die atemberaubenden Ausblicke auf das Pays de Bray.<\/p>\n\n\n\n<figure class=\"wp-block-gallery has-nested-images columns-default is-cropped wp-block-gallery-3 is-layout-flex wp-block-gallery-is-layout-flex\">\n<figure class=\"wp-block-image size-medium\"><img loading=\"lazy\" decoding=\"async\" width=\"300\" height=\"187\" data-id=\"193\" src=\"https:\/\/jardin.vallonchene.fr\/wp-content\/uploads\/2022\/11\/20210626_0135_02-300x187.jpg\" alt=\"Vallonch\u00eane garden streams\" class=\"wp-image-193\" srcset=\"https:\/\/jardin.vallonchene.fr\/wp-content\/uploads\/2022\/11\/20210626_0135_02-300x187.jpg 300w, https:\/\/jardin.vallonchene.fr\/wp-content\/uploads\/2022\/11\/20210626_0135_02-1024x638.jpg 1024w, https:\/\/jardin.vallonchene.fr\/wp-content\/uploads\/2022\/11\/20210626_0135_02-768x479.jpg 768w, https:\/\/jardin.vallonchene.fr\/wp-content\/uploads\/2022\/11\/20210626_0135_02-1536x957.jpg 1536w, https:\/\/jardin.vallonchene.fr\/wp-content\/uploads\/2022\/11\/20210626_0135_02-2048x1277.jpg 2048w\" sizes=\"auto, (max-width: 300px) 100vw, 300px\" \/><\/figure>\n\n\n\n<figure class=\"wp-block-image size-medium\"><img loading=\"lazy\" decoding=\"async\" width=\"300\" height=\"225\" data-id=\"190\" src=\"https:\/\/jardin.vallonchene.fr\/wp-content\/uploads\/2022\/11\/DSC03861_modifiee_01-300x225.jpg\" alt=\"The top of the valley at Jardin de Vallonch\u00eane\" class=\"wp-image-190\" srcset=\"https:\/\/jardin.vallonchene.fr\/wp-content\/uploads\/2022\/11\/DSC03861_modifiee_01-300x225.jpg 300w, https:\/\/jardin.vallonchene.fr\/wp-content\/uploads\/2022\/11\/DSC03861_modifiee_01-1024x768.jpg 1024w, https:\/\/jardin.vallonchene.fr\/wp-content\/uploads\/2022\/11\/DSC03861_modifiee_01-768x576.jpg 768w, https:\/\/jardin.vallonchene.fr\/wp-content\/uploads\/2022\/11\/DSC03861_modifiee_01-1536x1152.jpg 1536w, https:\/\/jardin.vallonchene.fr\/wp-content\/uploads\/2022\/11\/DSC03861_modifiee_01-2048x1536.jpg 2048w\" sizes=\"auto, (max-width: 300px) 100vw, 300px\" \/><\/figure>\n\n\n\n<figure class=\"wp-block-image size-medium\"><img loading=\"lazy\" decoding=\"async\" width=\"300\" height=\"225\" data-id=\"191\" src=\"https:\/\/jardin.vallonchene.fr\/wp-content\/uploads\/2022\/11\/20220530_0155-300x225.jpg\" alt=\"Birch trees at Jardin de Vallonch\u00eane\" class=\"wp-image-191\" srcset=\"https:\/\/jardin.vallonchene.fr\/wp-content\/uploads\/2022\/11\/20220530_0155-300x225.jpg 300w, https:\/\/jardin.vallonchene.fr\/wp-content\/uploads\/2022\/11\/20220530_0155-1024x768.jpg 1024w, https:\/\/jardin.vallonchene.fr\/wp-content\/uploads\/2022\/11\/20220530_0155-768x576.jpg 768w, https:\/\/jardin.vallonchene.fr\/wp-content\/uploads\/2022\/11\/20220530_0155-1536x1152.jpg 1536w, https:\/\/jardin.vallonchene.fr\/wp-content\/uploads\/2022\/11\/20220530_0155-2048x1536.jpg 2048w\" sizes=\"auto, (max-width: 300px) 100vw, 300px\" \/><\/figure>\n\n\n\n<figure class=\"wp-block-image size-large\"><img loading=\"lazy\" decoding=\"async\" width=\"1024\" height=\"719\" data-id=\"192\" src=\"https:\/\/jardin.vallonchene.fr\/wp-content\/uploads\/2022\/11\/20210627_0059_01_01-1024x719.jpg\" alt=\"The Vallonch\u00eane garden valley\" class=\"wp-image-192\" srcset=\"https:\/\/jardin.vallonchene.fr\/wp-content\/uploads\/2022\/11\/20210627_0059_01_01-1024x719.jpg 1024w, https:\/\/jardin.vallonchene.fr\/wp-content\/uploads\/2022\/11\/20210627_0059_01_01-300x211.jpg 300w, https:\/\/jardin.vallonchene.fr\/wp-content\/uploads\/2022\/11\/20210627_0059_01_01-768x539.jpg 768w, https:\/\/jardin.vallonchene.fr\/wp-content\/uploads\/2022\/11\/20210627_0059_01_01-1536x1078.jpg 1536w, https:\/\/jardin.vallonchene.fr\/wp-content\/uploads\/2022\/11\/20210627_0059_01_01-2048x1438.jpg 2048w\" sizes=\"auto, (max-width: 1024px) 100vw, 1024px\" \/><\/figure>\n<\/figure>\n\n\n\n<h2 class=\"wp-block-heading\">Ein lebendiger Garten<\/h2>\n\n\n\n<p>Der Jardin de Vallonch\u00eane ist nicht in Stein gemei\u00dfelt. Er entwickelt sich mit den Jahreszeiten und bietet eine st\u00e4ndig wechselnde Palette von Farben und D\u00fcften. Im Fr\u00fchling erwachen die Zwiebelpflanzen, der Sommer explodiert mit Bl\u00fcten, der Herbst kleidet sich in pr\u00e4chtige Farben, und der Winter offenbart die Sch\u00f6nheit der nackten Strukturen.<\/p>\n\n\n\n<figure class=\"wp-block-gallery has-nested-images columns-2 is-cropped wp-block-gallery-4 is-layout-flex wp-block-gallery-is-layout-flex\">\n<figure class=\"wp-block-image size-large\"><img loading=\"lazy\" decoding=\"async\" width=\"1024\" height=\"768\" data-id=\"1831\" src=\"https:\/\/jardin.vallonchene.fr\/wp-content\/uploads\/2022\/11\/20210626_0105_01_01-1024x768.jpg\" alt=\"The waterfall at Vallonch\u00eane\" class=\"wp-image-1831\" srcset=\"https:\/\/jardin.vallonchene.fr\/wp-content\/uploads\/2022\/11\/20210626_0105_01_01-1024x768.jpg 1024w, https:\/\/jardin.vallonchene.fr\/wp-content\/uploads\/2022\/11\/20210626_0105_01_01-300x225.jpg 300w, https:\/\/jardin.vallonchene.fr\/wp-content\/uploads\/2022\/11\/20210626_0105_01_01-768x576.jpg 768w, https:\/\/jardin.vallonchene.fr\/wp-content\/uploads\/2022\/11\/20210626_0105_01_01-1536x1152.jpg 1536w, https:\/\/jardin.vallonchene.fr\/wp-content\/uploads\/2022\/11\/20210626_0105_01_01-2048x1536.jpg 2048w\" sizes=\"auto, (max-width: 1024px) 100vw, 1024px\" \/><\/figure>\n\n\n\n<figure class=\"wp-block-image size-full\"><img loading=\"lazy\" decoding=\"async\" width=\"313\" height=\"313\" data-id=\"2035\" src=\"https:\/\/jardin.vallonchene.fr\/wp-content\/uploads\/2022\/12\/20210626_0045.webp\" alt=\"ARMORACIA rusticana 'Variegata\" class=\"wp-image-2035\" srcset=\"https:\/\/jardin.vallonchene.fr\/wp-content\/uploads\/2022\/12\/20210626_0045.webp 313w, https:\/\/jardin.vallonchene.fr\/wp-content\/uploads\/2022\/12\/20210626_0045-300x300.webp 300w, https:\/\/jardin.vallonchene.fr\/wp-content\/uploads\/2022\/12\/20210626_0045-150x150.webp 150w\" sizes=\"auto, (max-width: 313px) 100vw, 313px\" \/><\/figure>\n\n\n\n<figure class=\"wp-block-image size-large\"><img loading=\"lazy\" decoding=\"async\" width=\"1024\" height=\"341\" data-id=\"2635\" src=\"https:\/\/jardin.vallonchene.fr\/wp-content\/uploads\/2025\/03\/20221016_104459-1024x341.jpg\" alt=\"Couleurs d'automne sur le grand gazon\" class=\"wp-image-2635\" srcset=\"https:\/\/jardin.vallonchene.fr\/wp-content\/uploads\/2025\/03\/20221016_104459-1024x341.jpg 1024w, https:\/\/jardin.vallonchene.fr\/wp-content\/uploads\/2025\/03\/20221016_104459-300x100.jpg 300w, https:\/\/jardin.vallonchene.fr\/wp-content\/uploads\/2025\/03\/20221016_104459-768x256.jpg 768w, https:\/\/jardin.vallonchene.fr\/wp-content\/uploads\/2025\/03\/20221016_104459-1536x512.jpg 1536w, https:\/\/jardin.vallonchene.fr\/wp-content\/uploads\/2025\/03\/20221016_104459-2048x683.jpg 2048w\" sizes=\"auto, (max-width: 1024px) 100vw, 1024px\" \/><\/figure>\n<\/figure>\n\n\n\n<h2 class=\"wp-block-heading\">Eine faszinierende Geschichte<\/h2>\n\n\n\n<p>Das Abenteuer des Jardin de Vallonch\u00eane begann im Jahr 2004, als die Besitzer dieses Gel\u00e4nde mit seinen verborgenen Reizen erwarben. Im Laufe der Jahre haben sie geduldig die Landschaft restauriert, die Geb\u00e4ude wieder zum Leben erweckt und einen Zufluchtsort f\u00fcr Flora und Fauna geschaffen.<\/p>\n\n\n\n<figure class=\"wp-block-gallery has-nested-images columns-default is-cropped wp-block-gallery-5 is-layout-flex wp-block-gallery-is-layout-flex\">\n<figure class=\"wp-block-image size-large\"><img loading=\"lazy\" decoding=\"async\" width=\"1024\" height=\"1024\" data-id=\"1867\" src=\"https:\/\/jardin.vallonchene.fr\/wp-content\/uploads\/2022\/11\/4752_02-1-1024x1024.jpg\" alt=\"PRUNUS serrulata 'Royal Burgundy\" class=\"wp-image-1867\" srcset=\"https:\/\/jardin.vallonchene.fr\/wp-content\/uploads\/2022\/11\/4752_02-1-1024x1024.jpg 1024w, https:\/\/jardin.vallonchene.fr\/wp-content\/uploads\/2022\/11\/4752_02-1-300x300.jpg 300w, https:\/\/jardin.vallonchene.fr\/wp-content\/uploads\/2022\/11\/4752_02-1-150x150.jpg 150w, https:\/\/jardin.vallonchene.fr\/wp-content\/uploads\/2022\/11\/4752_02-1-768x768.jpg 768w, https:\/\/jardin.vallonchene.fr\/wp-content\/uploads\/2022\/11\/4752_02-1-1536x1536.jpg 1536w, https:\/\/jardin.vallonchene.fr\/wp-content\/uploads\/2022\/11\/4752_02-1.jpg 1600w\" sizes=\"auto, (max-width: 1024px) 100vw, 1024px\" \/><\/figure>\n\n\n\n<figure class=\"wp-block-image size-large\"><img loading=\"lazy\" decoding=\"async\" width=\"1024\" height=\"1024\" data-id=\"1895\" src=\"https:\/\/jardin.vallonchene.fr\/wp-content\/uploads\/2022\/11\/IMG_20191120_080315_03-1024x1024.jpg\" alt=\"ACER rubrum 'Fairview Flame\" class=\"wp-image-1895\" srcset=\"https:\/\/jardin.vallonchene.fr\/wp-content\/uploads\/2022\/11\/IMG_20191120_080315_03-1024x1024.jpg 1024w, https:\/\/jardin.vallonchene.fr\/wp-content\/uploads\/2022\/11\/IMG_20191120_080315_03-300x300.jpg 300w, https:\/\/jardin.vallonchene.fr\/wp-content\/uploads\/2022\/11\/IMG_20191120_080315_03-150x150.jpg 150w, https:\/\/jardin.vallonchene.fr\/wp-content\/uploads\/2022\/11\/IMG_20191120_080315_03-768x768.jpg 768w, https:\/\/jardin.vallonchene.fr\/wp-content\/uploads\/2022\/11\/IMG_20191120_080315_03-1536x1536.jpg 1536w, https:\/\/jardin.vallonchene.fr\/wp-content\/uploads\/2022\/11\/IMG_20191120_080315_03.jpg 1600w\" sizes=\"auto, (max-width: 1024px) 100vw, 1024px\" \/><\/figure>\n<\/figure>\n\n\n\n<h2 class=\"wp-block-heading\" id=\"visiter-le-jardin-de-vallonchene\">Gef\u00fchrte Touren nach Reservierung<\/h2>\n\n\n\n<p>Um die Geheimnisse des Jardin de Vallonch\u00eane zu entdecken, werden p\u00e4dagogische F\u00fchrungen auf Reservierung angeboten. Lassen Sie sich von der Leidenschaft der F\u00fchrer mitrei\u00dfen und genie\u00dfen Sie einen unvergesslichen Moment des Entdeckens und Lernens.<\/p>\n\n\n\n<h2 class=\"wp-block-heading\">Praktische Informationen<\/h2>\n\n\n\n<div class=\"wp-block-buttons is-layout-flex wp-block-buttons-is-layout-flex\">\n<div class=\"wp-block-button is-style-fill\"><a class=\"wp-block-button__link has-base-color has-contrast-background-color has-text-color has-background wp-element-button\" href=\"https:\/\/jardin.vallonchene.fr\/contact\/\"><strong>Klicken Sie hier, um uns zu kontaktieren.<\/strong><\/a><\/div>\n<\/div>\n\n\n\n<ul class=\"wp-block-list\">\n<li>F\u00fchrungen nur nach Vereinbarung<\/li>\n\n\n\n<li>Buchungen unter +33 (0)2.35.90.02.02 oder durch Senden einer Nachricht, indem Sie hier klicken.<\/li>\n\n\n\n<li>Dauer der F\u00fchrung: ca. 1 Stunde und 30 Minuten<\/li>\n\n\n\n<li>Preis: ab 80 \u20ac f\u00fcr 4 Personen und 18 \u20ac f\u00fcr jede zus\u00e4tzliche Person. Die Zahlung muss bei der Buchung per Kreditkarte oder in bar erfolgen. Reservierungen sind nicht erstattungsf\u00e4hig, es sei denn, sie werden von uns storniert.<\/li>\n\n\n\n<li>Treffpunkt: <a href=\"https:\/\/www.vallonchene.fr\/de\/kontakt\">P\u00e9pini\u00e8re Vallonch\u00eane<\/a> (wo Sie auch Ihr Fahrzeug parken k\u00f6nnen)<\/li>\n\n\n\n<li>Bitte wettergerechte Kleidung und bequeme Wanderschuhe mitbringen.<\/li>\n\n\n\n<li>Aufgrund der h\u00fcgeligen Beschaffenheit des Gel\u00e4ndes ist die F\u00fchrung nicht geeignet f\u00fcr Personen mit eingeschr\u00e4nkter Mobilit\u00e4t, Rollst\u00fchle oder Kinderwagen.<\/li>\n\n\n\n<li>Unsere tierischen Freunde d\u00fcrfen uns jedoch leider nicht besuchen.*<\/li>\n<\/ul>\n\n\n\n<h2 class=\"wp-block-heading\">Abonnieren Sie jetzt!<\/h2>\n\n\n\n<p>Abonnieren Sie unseren <strong>kostenlosen Newsletter<\/strong>, um \u00fcber unsere neuesten Nachrichten und Ver\u00f6ffentlichungen auf dem Laufenden zu bleiben.<\/p>\n\n\n<div class='fluentform ff-default fluentform_wrapper_2  ff_guten_block ff_guten_block-2 ffs_default_wrap'><form data-form_id=\"2\" id=\"fluentform_2\" class=\"frm-fluent-form fluent_form_2 ff-el-form-top ff_form_instance_2_1 ff-form-loading ffs_default\" data-form_instance=\"ff_form_instance_2_1\" method=\"POST\" ><fieldset  style=\"border: none!important;margin: 0!important;padding: 0!important;background-color: transparent!important;box-shadow: none!important;outline: none!important; min-inline-size: 100%;\">\n                    <legend class=\"ff_screen_reader_title\" style=\"display: block; margin: 0!important;padding: 0!important;height: 0!important;text-indent: -999999px;width: 0!important;overflow:hidden;\">Subscription Form<\/legend><input type='hidden' name='__fluent_form_embded_post_id' value='2462' \/><input type=\"hidden\" id=\"_fluentform_2_fluentformnonce\" name=\"_fluentform_2_fluentformnonce\" value=\"a37f45133c\" \/><input type=\"hidden\" name=\"_wp_http_referer\" value=\"\/de\/wp-json\/wp\/v2\/pages\/2462\" \/><div data-name=\"ff_cn_id_1\"  class='ff-t-container ff-column-container ff_columns_total_2 '><div class='ff-t-cell ff-t-column-1' style='flex-basis: 50%;'><div class='ff-el-group'><div class='ff-el-input--content'><input type=\"email\" name=\"email\" id=\"ff_2_email\" class=\"ff-el-form-control\" placeholder=\"Your Email Address\" data-name=\"email\"  aria-invalid=\"false\" aria-required=true><\/div><\/div><\/div><div class='ff-t-cell ff-t-column-2' style='flex-basis: 50%;'><div class='ff-el-group ff-text-left ff_submit_btn_wrapper ff_submit_btn_wrapper_custom'><button class=\"ff-btn ff-btn-submit ff-btn-md ff_btn_style wpf_has_custom_css\" type=\"submit\" name=\"custom_submit_button-2_1\" data-name=\"custom_submit_button-2_1\"  aria-label=\"Subscribe\">Subscribe<\/button><style>form.fluent_form_2 .wpf_has_custom_css.ff-btn-submit { background-color:#1a7efb;border-color:#1a7efb;color:#ffffff;min-width:100%; }form.fluent_form_2 .wpf_has_custom_css.ff-btn-submit:hover { background-color:#ffffff;border-color:#1a7efb;color:#1a7efb;min-width:100%; } <\/style><\/div><\/div><\/div><\/fieldset><\/form><div id='fluentform_2_errors' class='ff-errors-in-stack ff_form_instance_2_1 ff-form-loading_errors ff_form_instance_2_1_errors'><\/div><\/div>            <script type=\"text\/javascript\">\n                window.fluent_form_ff_form_instance_2_1 = {\"id\":\"2\",\"settings\":{\"layout\":{\"labelPlacement\":\"top\",\"helpMessagePlacement\":\"with_label\",\"errorMessagePlacement\":\"inline\",\"asteriskPlacement\":\"asterisk-right\"},\"restrictions\":{\"denyEmptySubmission\":{\"enabled\":false}}},\"form_instance\":\"ff_form_instance_2_1\",\"form_id_selector\":\"fluentform_2\",\"rules\":{\"email\":{\"required\":{\"value\":true,\"message\":\"This field is required\"},\"email\":{\"value\":true,\"message\":\"This field must contain a valid email\"}}},\"debounce_time\":300};\n                            <\/script>\n            ","protected":false},"excerpt":{"rendered":"<p>Der Garten Tauchen Sie ein in einen au\u00dfergew\u00f6hnlichen botanischen Garten Eingebettet in die Region Seine-Maritime zwischen Rouen, Forges-les-Eaux und Neufch\u00e2tel-en-Bray l\u00e4dt der Jardin de Vallonch\u00eane Sie zu einem au\u00dfergew\u00f6hnlichen Pflanzenausflug ein. Dieser englische Garten, der nur nach Vereinbarung zug\u00e4nglich ist (weitere Informationen hier), bietet eine einzigartige Sammlung seltener und ungew\u00f6hnlicher Pflanzen in einer h\u00fcgeligen Landschaft, [&hellip;]<\/p>\n","protected":false},"author":1,"featured_media":0,"parent":0,"menu_order":0,"comment_status":"closed","ping_status":"closed","template":"page-no-title","meta":{"footnotes":""},"class_list":["post-2462","page","type-page","status-publish","hentry"],"yoast_head":"<!-- This site is optimized with the Yoast SEO plugin v27.1.1 - https:\/\/yoast.com\/product\/yoast-seo-wordpress\/ -->\n<title>Der Garten - Garten von Vallonch\u00eane<\/title>\n<meta name=\"robots\" content=\"index, follow, max-snippet:-1, max-image-preview:large, max-video-preview:-1\" \/>\n<link rel=\"canonical\" href=\"https:\/\/jardin.vallonchene.fr\/de\/\" \/>\n<meta property=\"og:locale\" content=\"de_DE\" \/>\n<meta property=\"og:type\" content=\"article\" \/>\n<meta property=\"og:title\" content=\"Der Garten - Garten von Vallonch\u00eane\" \/>\n<meta property=\"og:description\" content=\"Der Garten Tauchen Sie ein in einen au\u00dfergew\u00f6hnlichen botanischen Garten Eingebettet in die Region Seine-Maritime zwischen Rouen, Forges-les-Eaux und Neufch\u00e2tel-en-Bray l\u00e4dt der Jardin de Vallonch\u00eane Sie zu einem au\u00dfergew\u00f6hnlichen Pflanzenausflug ein. Dieser englische Garten, der nur nach Vereinbarung zug\u00e4nglich ist (weitere Informationen hier), bietet eine einzigartige Sammlung seltener und ungew\u00f6hnlicher Pflanzen in einer h\u00fcgeligen Landschaft, [&hellip;]\" \/>\n<meta property=\"og:url\" content=\"https:\/\/jardin.vallonchene.fr\/de\/\" \/>\n<meta property=\"og:site_name\" content=\"Garten von Vallonch\u00eane\" \/>\n<meta property=\"article:modified_time\" content=\"2025-10-23T08:23:20+00:00\" \/>\n<meta property=\"og:image\" content=\"https:\/\/jardin.vallonchene.fr\/wp-content\/uploads\/2022\/11\/IMG20210610175006_02.jpg\" \/>\n\t<meta property=\"og:image:width\" content=\"1600\" \/>\n\t<meta property=\"og:image:height\" content=\"531\" \/>\n\t<meta property=\"og:image:type\" content=\"image\/jpeg\" \/>\n<meta name=\"twitter:card\" content=\"summary_large_image\" \/>\n<meta name=\"twitter:label1\" content=\"Gesch\u00e4tzte Lesezeit\" \/>\n\t<meta name=\"twitter:data1\" content=\"6\u00a0Minuten\" \/>\n<script type=\"application\/ld+json\" class=\"yoast-schema-graph\">{\"@context\":\"https:\/\/schema.org\",\"@graph\":[{\"@type\":\"WebPage\",\"@id\":\"https:\/\/jardin.vallonchene.fr\/de\/\",\"url\":\"https:\/\/jardin.vallonchene.fr\/de\/\",\"name\":\"Der Garten - Garten von Vallonch\u00eane\",\"isPartOf\":{\"@id\":\"https:\/\/jardin.vallonchene.fr\/de\/#website\"},\"primaryImageOfPage\":{\"@id\":\"https:\/\/jardin.vallonchene.fr\/de\/#primaryimage\"},\"image\":{\"@id\":\"https:\/\/jardin.vallonchene.fr\/de\/#primaryimage\"},\"thumbnailUrl\":\"https:\/\/jardin.vallonchene.fr\/wp-content\/uploads\/2022\/11\/IMG20210610175006_02-1024x340.jpg\",\"datePublished\":\"2025-03-07T09:08:43+00:00\",\"dateModified\":\"2025-10-23T08:23:20+00:00\",\"breadcrumb\":{\"@id\":\"https:\/\/jardin.vallonchene.fr\/de\/#breadcrumb\"},\"inLanguage\":\"de\",\"potentialAction\":[{\"@type\":\"ReadAction\",\"target\":[\"https:\/\/jardin.vallonchene.fr\/de\/\"]}]},{\"@type\":\"ImageObject\",\"inLanguage\":\"de\",\"@id\":\"https:\/\/jardin.vallonchene.fr\/de\/#primaryimage\",\"url\":\"https:\/\/jardin.vallonchene.fr\/wp-content\/uploads\/2022\/11\/IMG20210610175006_02-1024x340.jpg\",\"contentUrl\":\"https:\/\/jardin.vallonchene.fr\/wp-content\/uploads\/2022\/11\/IMG20210610175006_02-1024x340.jpg\"},{\"@type\":\"BreadcrumbList\",\"@id\":\"https:\/\/jardin.vallonchene.fr\/de\/#breadcrumb\",\"itemListElement\":[{\"@type\":\"ListItem\",\"position\":1,\"name\":\"Accueil\",\"item\":\"https:\/\/jardin.vallonchene.fr\/de\/\"},{\"@type\":\"ListItem\",\"position\":2,\"name\":\"Der Garten\"}]},{\"@type\":\"WebSite\",\"@id\":\"https:\/\/jardin.vallonchene.fr\/de\/#website\",\"url\":\"https:\/\/jardin.vallonchene.fr\/de\/\",\"name\":\"Garten von Vallonch\u00eane\",\"description\":\"\",\"publisher\":{\"@id\":\"https:\/\/jardin.vallonchene.fr\/de\/#organization\"},\"potentialAction\":[{\"@type\":\"SearchAction\",\"target\":{\"@type\":\"EntryPoint\",\"urlTemplate\":\"https:\/\/jardin.vallonchene.fr\/de\/?s={search_term_string}\"},\"query-input\":{\"@type\":\"PropertyValueSpecification\",\"valueRequired\":true,\"valueName\":\"search_term_string\"}}],\"inLanguage\":\"de\"},{\"@type\":\"Organization\",\"@id\":\"https:\/\/jardin.vallonchene.fr\/de\/#organization\",\"name\":\"Garten von Vallonch\u00eane\",\"url\":\"https:\/\/jardin.vallonchene.fr\/de\/\",\"logo\":{\"@type\":\"ImageObject\",\"inLanguage\":\"de\",\"@id\":\"https:\/\/jardin.vallonchene.fr\/de\/#\/schema\/logo\/image\/\",\"url\":\"https:\/\/jardin.vallonchene.fr\/wp-content\/uploads\/2022\/11\/Logo-JARDIN-Vallonchene-avec-site-R-SVG-SIMPLE.png\",\"contentUrl\":\"https:\/\/jardin.vallonchene.fr\/wp-content\/uploads\/2022\/11\/Logo-JARDIN-Vallonchene-avec-site-R-SVG-SIMPLE.png\",\"width\":926,\"height\":678,\"caption\":\"Garten von Vallonch\u00eane\"},\"image\":{\"@id\":\"https:\/\/jardin.vallonchene.fr\/de\/#\/schema\/logo\/image\/\"}}]}<\/script>\n<!-- \/ Yoast SEO plugin. -->","yoast_head_json":{"title":"Der Garten - Garten von Vallonch\u00eane","robots":{"index":"index","follow":"follow","max-snippet":"max-snippet:-1","max-image-preview":"max-image-preview:large","max-video-preview":"max-video-preview:-1"},"canonical":"https:\/\/jardin.vallonchene.fr\/de\/","og_locale":"de_DE","og_type":"article","og_title":"Der Garten - Garten von Vallonch\u00eane","og_description":"Der Garten Tauchen Sie ein in einen au\u00dfergew\u00f6hnlichen botanischen Garten Eingebettet in die Region Seine-Maritime zwischen Rouen, Forges-les-Eaux und Neufch\u00e2tel-en-Bray l\u00e4dt der Jardin de Vallonch\u00eane Sie zu einem au\u00dfergew\u00f6hnlichen Pflanzenausflug ein. Dieser englische Garten, der nur nach Vereinbarung zug\u00e4nglich ist (weitere Informationen hier), bietet eine einzigartige Sammlung seltener und ungew\u00f6hnlicher Pflanzen in einer h\u00fcgeligen Landschaft, [&hellip;]","og_url":"https:\/\/jardin.vallonchene.fr\/de\/","og_site_name":"Garten von Vallonch\u00eane","article_modified_time":"2025-10-23T08:23:20+00:00","og_image":[{"width":1600,"height":531,"url":"https:\/\/jardin.vallonchene.fr\/wp-content\/uploads\/2022\/11\/IMG20210610175006_02.jpg","type":"image\/jpeg"}],"twitter_card":"summary_large_image","twitter_misc":{"Gesch\u00e4tzte Lesezeit":"6\u00a0Minuten"},"schema":{"@context":"https:\/\/schema.org","@graph":[{"@type":"WebPage","@id":"https:\/\/jardin.vallonchene.fr\/de\/","url":"https:\/\/jardin.vallonchene.fr\/de\/","name":"Der Garten - Garten von Vallonch\u00eane","isPartOf":{"@id":"https:\/\/jardin.vallonchene.fr\/de\/#website"},"primaryImageOfPage":{"@id":"https:\/\/jardin.vallonchene.fr\/de\/#primaryimage"},"image":{"@id":"https:\/\/jardin.vallonchene.fr\/de\/#primaryimage"},"thumbnailUrl":"https:\/\/jardin.vallonchene.fr\/wp-content\/uploads\/2022\/11\/IMG20210610175006_02-1024x340.jpg","datePublished":"2025-03-07T09:08:43+00:00","dateModified":"2025-10-23T08:23:20+00:00","breadcrumb":{"@id":"https:\/\/jardin.vallonchene.fr\/de\/#breadcrumb"},"inLanguage":"de","potentialAction":[{"@type":"ReadAction","target":["https:\/\/jardin.vallonchene.fr\/de\/"]}]},{"@type":"ImageObject","inLanguage":"de","@id":"https:\/\/jardin.vallonchene.fr\/de\/#primaryimage","url":"https:\/\/jardin.vallonchene.fr\/wp-content\/uploads\/2022\/11\/IMG20210610175006_02-1024x340.jpg","contentUrl":"https:\/\/jardin.vallonchene.fr\/wp-content\/uploads\/2022\/11\/IMG20210610175006_02-1024x340.jpg"},{"@type":"BreadcrumbList","@id":"https:\/\/jardin.vallonchene.fr\/de\/#breadcrumb","itemListElement":[{"@type":"ListItem","position":1,"name":"Accueil","item":"https:\/\/jardin.vallonchene.fr\/de\/"},{"@type":"ListItem","position":2,"name":"Der Garten"}]},{"@type":"WebSite","@id":"https:\/\/jardin.vallonchene.fr\/de\/#website","url":"https:\/\/jardin.vallonchene.fr\/de\/","name":"Garten von Vallonch\u00eane","description":"","publisher":{"@id":"https:\/\/jardin.vallonchene.fr\/de\/#organization"},"potentialAction":[{"@type":"SearchAction","target":{"@type":"EntryPoint","urlTemplate":"https:\/\/jardin.vallonchene.fr\/de\/?s={search_term_string}"},"query-input":{"@type":"PropertyValueSpecification","valueRequired":true,"valueName":"search_term_string"}}],"inLanguage":"de"},{"@type":"Organization","@id":"https:\/\/jardin.vallonchene.fr\/de\/#organization","name":"Garten von Vallonch\u00eane","url":"https:\/\/jardin.vallonchene.fr\/de\/","logo":{"@type":"ImageObject","inLanguage":"de","@id":"https:\/\/jardin.vallonchene.fr\/de\/#\/schema\/logo\/image\/","url":"https:\/\/jardin.vallonchene.fr\/wp-content\/uploads\/2022\/11\/Logo-JARDIN-Vallonchene-avec-site-R-SVG-SIMPLE.png","contentUrl":"https:\/\/jardin.vallonchene.fr\/wp-content\/uploads\/2022\/11\/Logo-JARDIN-Vallonchene-avec-site-R-SVG-SIMPLE.png","width":926,"height":678,"caption":"Garten von Vallonch\u00eane"},"image":{"@id":"https:\/\/jardin.vallonchene.fr\/de\/#\/schema\/logo\/image\/"}}]}},"_links":{"self":[{"href":"https:\/\/jardin.vallonchene.fr\/de\/wp-json\/wp\/v2\/pages\/2462","targetHints":{"allow":["GET"]}}],"collection":[{"href":"https:\/\/jardin.vallonchene.fr\/de\/wp-json\/wp\/v2\/pages"}],"about":[{"href":"https:\/\/jardin.vallonchene.fr\/de\/wp-json\/wp\/v2\/types\/page"}],"author":[{"embeddable":true,"href":"https:\/\/jardin.vallonchene.fr\/de\/wp-json\/wp\/v2\/users\/1"}],"replies":[{"embeddable":true,"href":"https:\/\/jardin.vallonchene.fr\/de\/wp-json\/wp\/v2\/comments?post=2462"}],"version-history":[{"count":1,"href":"https:\/\/jardin.vallonchene.fr\/de\/wp-json\/wp\/v2\/pages\/2462\/revisions"}],"predecessor-version":[{"id":2646,"href":"https:\/\/jardin.vallonchene.fr\/de\/wp-json\/wp\/v2\/pages\/2462\/revisions\/2646"}],"wp:attachment":[{"href":"https:\/\/jardin.vallonchene.fr\/de\/wp-json\/wp\/v2\/media?parent=2462"}],"curies":[{"name":"wp","href":"https:\/\/api.w.org\/{rel}","templated":true}]}}