{"id":2539,"date":"2025-03-07T10:08:43","date_gmt":"2025-03-07T09:08:43","guid":{"rendered":"https:\/\/jardin.vallonchene.fr\/?page_id=2539"},"modified":"2025-03-08T11:19:40","modified_gmt":"2025-03-08T10:19:40","slug":"kontakt","status":"publish","type":"page","link":"https:\/\/jardin.vallonchene.fr\/de\/kontakt\/","title":{"rendered":"Kontakt"},"content":{"rendered":"\n<div class=\"wp-block-columns is-layout-flex wp-container-core-columns-is-layout-28f84493 wp-block-columns-is-layout-flex\">\n<div class=\"wp-block-column is-layout-flow wp-block-column-is-layout-flow\">\n<iframe src=\"https:\/\/www.google.com\/maps\/embed?pb=!1m18!1m12!1m3!1d2583.3577892580643!2d1.4449593157360323!3d49.647557452769334!2m3!1f0!2f0!3f0!3m2!1i1024!2i768!4f13.1!3m3!1m2!1s0x47e7355ccbcf39bf%3A0xc186d81e969d5155!2sJardin%20de%20Vallonch%C3%AAne!5e0!3m2!1sfr!2sch!4v1670237299079!5m2!1sfr!2sch\" style=\"border:0;\" allowfullscreen=\"\" loading=\"lazy\" referrerpolicy=\"no-referrer-when-downgrade\" width=\"600\" height=\"300\"><\/iframe>\n<\/div>\n<\/div>\n\n\n\n<p>Um mit dem Team des Gartens Vallonch\u00eane in Kontakt zu treten, k\u00f6nnen Sie uns gerne anrufen oder eine Nachricht \u00fcber das unten stehende Formular senden.<\/p>\n\n\n\n<p>Le Jardin de Vallonch\u00eane<br>1426, chemin d&#8217;Atteville<br>76440 SOMMERY<\/p>\n\n\n\n<p><a href=\"tel:+33235900202\">T\u00e9l. : +33 (0)2.35.90.02.02<\/a><\/p>\n\n\n\n<h4 class=\"wp-block-heading\">Eine Nachricht senden<\/h4>\n\n\n\n<p>Senden Sie uns Ihre Anfrage, und wir werden uns freuen, so schnell wie m\u00f6glich zu antworten.<\/p>\n\n\n\n<div class=\"wp-block-columns is-layout-flex wp-container-core-columns-is-layout-28f84493 wp-block-columns-is-layout-flex\">\n<div class=\"wp-block-column is-layout-flow wp-block-column-is-layout-flow\"><div class='fluentform ff-default fluentform_wrapper_5  ff_guten_block ff_guten_block-5 ffs_default_wrap'><form data-form_id=\"5\" id=\"fluentform_5\" class=\"frm-fluent-form fluent_form_5 ff-el-form-top ff_form_instance_5_1 ff-form-loading ffs_default\" data-form_instance=\"ff_form_instance_5_1\" method=\"POST\" ><fieldset  style=\"border: none!important;margin: 0!important;padding: 0!important;background-color: transparent!important;box-shadow: none!important;outline: none!important; min-inline-size: 100%;\">\n                    <legend class=\"ff_screen_reader_title\" style=\"display: block; margin: 0!important;padding: 0!important;height: 0!important;text-indent: -999999px;width: 0!important;overflow:hidden;\">Contact Form DE<\/legend><input type='hidden' name='__fluent_form_embded_post_id' value='2539' \/><input type=\"hidden\" id=\"_fluentform_5_fluentformnonce\" name=\"_fluentform_5_fluentformnonce\" value=\"3734ec60cb\" \/><input type=\"hidden\" name=\"_wp_http_referer\" value=\"\/de\/wp-json\/wp\/v2\/pages\/2539\" \/><div data-type=\"name-element\" data-name=\"names\" class=\" ff-field_container ff-name-field-wrapper\" ><div class='ff-t-container'><div class='ff-t-cell '><div class='ff-el-group'><div class=\"ff-el-input--label ff-el-is-required asterisk-right\"><label for='ff_5_names_first_name_' id='label_ff_5_names_first_name_' >Vorname<\/label><\/div><div class='ff-el-input--content'><input type=\"text\" name=\"names[first_name]\" id=\"ff_5_names_first_name_\" class=\"ff-el-form-control\" aria-invalid=\"false\" aria-required=true><\/div><\/div><\/div><div class='ff-t-cell '><div class='ff-el-group'><div class=\"ff-el-input--label ff-el-is-required asterisk-right\"><label for='ff_5_names_last_name_' id='label_ff_5_names_last_name_' >Familienname<\/label><\/div><div class='ff-el-input--content'><input type=\"text\" name=\"names[last_name]\" id=\"ff_5_names_last_name_\" class=\"ff-el-form-control\" aria-invalid=\"false\" aria-required=true><\/div><\/div><\/div><\/div><\/div><div class='ff-el-group'><div class=\"ff-el-input--label ff-el-is-required asterisk-right\"><label for='ff_5_input_text' id='label_ff_5_input_text' aria-label=\"Telefon\">Telefon<\/label><\/div><div class='ff-el-input--content'><input type=\"text\" name=\"input_text\" class=\"ff-el-form-control\" data-name=\"input_text\" id=\"ff_5_input_text\"  aria-invalid=\"false\" aria-required=true><\/div><\/div><div class='ff-el-group'><div class=\"ff-el-input--label asterisk-right\"><label   aria-label=\"Erlaubnis f\u00fcr Telefonkontakt\">Erlaubnis f\u00fcr Telefonkontakt<\/label><\/div><div class='ff-el-input--content'><div class='ff-el-form-check ff-el-form-check-'><label class='ff-el-form-check-label' for='checkbox_8cc6b4de0ad373516b9ff003ea7a95cf'><input  type=\"checkbox\" name=\"checkbox[]\" data-name=\"checkbox\" class=\"ff-el-form-check-input ff-el-form-check-checkbox\" value=\"Durch das Ankreuzen dieses Feldes erlaube ich Vallonch\u00eane, mich telefonisch zu kontaktieren, um auf meine Nachricht zu antworten. Ihre Informationen werden nur f\u00fcr diesen Zweck und in \u00dcbereinstimmung mit unserer Datenschutzrichtlinie verwendet.\"  id='checkbox_8cc6b4de0ad373516b9ff003ea7a95cf' aria-label='Durch das Ankreuzen dieses Feldes erlaube ich Vallonch\u00eane, mich telefonisch zu kontaktieren, um auf meine Nachricht zu antworten. Ihre Informationen werden nur f\u00fcr diesen Zweck und in \u00dcbereinstimmung mit unserer Datenschutzrichtlinie verwendet.' aria-invalid='false' aria-required=false> <span>Durch das Ankreuzen dieses Feldes erlaube ich Vallonch\u00eane, mich telefonisch zu kontaktieren, um auf meine Nachricht zu antworten. Ihre Informationen werden nur f\u00fcr diesen Zweck und in \u00dcbereinstimmung mit unserer Datenschutzrichtlinie verwendet.<\/span><\/label><\/div><\/div><\/div><div class='ff-el-group'><div class=\"ff-el-input--label ff-el-is-required asterisk-right\"><label for='ff_5_email' id='label_ff_5_email' aria-label=\"Email\">Email<\/label><\/div><div class='ff-el-input--content'><input type=\"email\" name=\"email\" id=\"ff_5_email\" class=\"ff-el-form-control\" data-name=\"email\"  aria-invalid=\"false\" aria-required=true><\/div><\/div><div class='ff-el-group'><div class=\"ff-el-input--label ff-el-is-required asterisk-right\"><label for='ff_5_subject' id='label_ff_5_subject' aria-label=\"Objet\">Objet<\/label><\/div><div class='ff-el-input--content'><input type=\"text\" name=\"subject\" class=\"ff-el-form-control\" data-name=\"subject\" id=\"ff_5_subject\"  aria-invalid=\"false\" aria-required=true><\/div><\/div><div class='ff-el-group'><div class=\"ff-el-input--label ff-el-is-required asterisk-right\"><label for='ff_5_message' id='label_ff_5_message' aria-label=\"Ihre Nachricht\">Ihre Nachricht<\/label><\/div><div class='ff-el-input--content'><textarea aria-required=\"true\" aria-labelledby=\"label_ff_5_message\" name=\"message\" id=\"ff_5_message\" class=\"ff-el-form-control\" rows=\"4\" cols=\"2\" data-name=\"message\" ><\/textarea><\/div><\/div><div class='ff-el-group ff-text-left ff_submit_btn_wrapper'><button type=\"submit\" class=\"ff-btn ff-btn-submit ff-btn-md ff_btn_style wpf_has_custom_css\"  aria-label=\"Nachricht senden\">Nachricht senden<\/button><\/div><\/fieldset><\/form><div id='fluentform_5_errors' class='ff-errors-in-stack ff_form_instance_5_1 ff-form-loading_errors ff_form_instance_5_1_errors'><\/div><\/div>            <script type=\"text\/javascript\">\n                window.fluent_form_ff_form_instance_5_1 = {\"id\":\"5\",\"settings\":{\"layout\":{\"labelPlacement\":\"top\",\"helpMessagePlacement\":\"with_label\",\"errorMessagePlacement\":\"inline\",\"cssClassName\":\"\",\"asteriskPlacement\":\"asterisk-right\"},\"restrictions\":{\"denyEmptySubmission\":{\"enabled\":false}}},\"form_instance\":\"ff_form_instance_5_1\",\"form_id_selector\":\"fluentform_5\",\"rules\":{\"names[first_name]\":{\"required\":{\"value\":true,\"message\":\"Dieses Feld ist auszuf\\u00fcllen\",\"global\":false,\"global_message\":\"Ce champ est requis\"}},\"names[middle_name]\":{\"required\":{\"value\":false,\"message\":\"This field is required\",\"global\":false,\"global_message\":\"Ce champ est requis\"}},\"names[last_name]\":{\"required\":{\"value\":true,\"message\":\"Dieses Feld ist auszuf\\u00fcllen\",\"global\":false,\"global_message\":\"Ce champ est requis\"}},\"input_text\":{\"required\":{\"value\":true,\"message\":\"Dieses Feld ist auszuf\\u00fcllen\",\"global\":false,\"global_message\":\"Ce champ est requis\"}},\"checkbox\":{\"required\":{\"value\":false,\"message\":\"Dieses Feld ist erforderlich\",\"global_message\":\"Ce champ est requis\",\"global\":true}},\"email\":{\"required\":{\"value\":true,\"message\":\"Dieses Feld ist auszuf\\u00fcllen\",\"global\":false,\"global_message\":\"Ce champ est requis\"},\"email\":{\"value\":true,\"message\":\"Bitte geben Sie eine korrekte Email-Adresse ein\",\"global\":false,\"global_message\":\"Ce champ doit contenir un e-mail valide\"}},\"subject\":{\"required\":{\"value\":true,\"message\":\"Dieses Feld ist auszuf\\u00fcllen\",\"global\":false,\"global_message\":\"Ce champ est requis\"}},\"message\":{\"required\":{\"value\":true,\"message\":\"This field is required\",\"global\":false,\"global_message\":\"Ce champ est requis\"}}},\"debounce_time\":300};\n                            <\/script>\n            <\/div>\n<\/div>\n","protected":false},"excerpt":{"rendered":"<p>Um mit dem Team des Gartens Vallonch\u00eane in Kontakt zu treten, k\u00f6nnen Sie uns gerne anrufen oder eine Nachricht \u00fcber das unten stehende Formular senden. Le Jardin de Vallonch\u00eane1426, chemin d&#8217;Atteville76440 SOMMERY T\u00e9l. : +33 (0)2.35.90.02.02 Eine Nachricht senden Senden Sie uns Ihre Anfrage, und wir werden uns freuen, so schnell wie m\u00f6glich zu antworten.<\/p>\n","protected":false},"author":1,"featured_media":0,"parent":0,"menu_order":3,"comment_status":"closed","ping_status":"closed","template":"","meta":{"footnotes":""},"class_list":["post-2539","page","type-page","status-publish","hentry"],"yoast_head":"<!-- This site is optimized with the Yoast SEO plugin v27.1.1 - https:\/\/yoast.com\/product\/yoast-seo-wordpress\/ -->\n<title>Kontakt - Garten von Vallonch\u00eane<\/title>\n<meta name=\"robots\" content=\"index, follow, max-snippet:-1, max-image-preview:large, max-video-preview:-1\" \/>\n<link rel=\"canonical\" href=\"https:\/\/jardin.vallonchene.fr\/de\/kontakt\/\" \/>\n<meta property=\"og:locale\" content=\"de_DE\" \/>\n<meta property=\"og:type\" content=\"article\" \/>\n<meta property=\"og:title\" content=\"Kontakt - Garten von Vallonch\u00eane\" \/>\n<meta property=\"og:description\" content=\"Um mit dem Team des Gartens Vallonch\u00eane in Kontakt zu treten, k\u00f6nnen Sie uns gerne anrufen oder eine Nachricht \u00fcber das unten stehende Formular senden. Le Jardin de Vallonch\u00eane1426, chemin d&#8217;Atteville76440 SOMMERY T\u00e9l. : +33 (0)2.35.90.02.02 Eine Nachricht senden Senden Sie uns Ihre Anfrage, und wir werden uns freuen, so schnell wie m\u00f6glich zu antworten.\" \/>\n<meta property=\"og:url\" content=\"https:\/\/jardin.vallonchene.fr\/de\/kontakt\/\" \/>\n<meta property=\"og:site_name\" content=\"Garten von Vallonch\u00eane\" \/>\n<meta property=\"article:modified_time\" content=\"2025-03-08T10:19:40+00:00\" \/>\n<meta name=\"twitter:card\" content=\"summary_large_image\" \/>\n<meta name=\"twitter:label1\" content=\"Gesch\u00e4tzte Lesezeit\" \/>\n\t<meta name=\"twitter:data1\" content=\"1\u00a0Minute\" \/>\n<script type=\"application\/ld+json\" class=\"yoast-schema-graph\">{\"@context\":\"https:\/\/schema.org\",\"@graph\":[{\"@type\":\"WebPage\",\"@id\":\"https:\/\/jardin.vallonchene.fr\/de\/kontakt\/\",\"url\":\"https:\/\/jardin.vallonchene.fr\/de\/kontakt\/\",\"name\":\"Kontakt - Garten von Vallonch\u00eane\",\"isPartOf\":{\"@id\":\"https:\/\/jardin.vallonchene.fr\/de\/#website\"},\"datePublished\":\"2025-03-07T09:08:43+00:00\",\"dateModified\":\"2025-03-08T10:19:40+00:00\",\"breadcrumb\":{\"@id\":\"https:\/\/jardin.vallonchene.fr\/de\/kontakt\/#breadcrumb\"},\"inLanguage\":\"de\",\"potentialAction\":[{\"@type\":\"ReadAction\",\"target\":[\"https:\/\/jardin.vallonchene.fr\/de\/kontakt\/\"]}]},{\"@type\":\"BreadcrumbList\",\"@id\":\"https:\/\/jardin.vallonchene.fr\/de\/kontakt\/#breadcrumb\",\"itemListElement\":[{\"@type\":\"ListItem\",\"position\":1,\"name\":\"Accueil\",\"item\":\"https:\/\/jardin.vallonchene.fr\/de\/\"},{\"@type\":\"ListItem\",\"position\":2,\"name\":\"Kontakt\"}]},{\"@type\":\"WebSite\",\"@id\":\"https:\/\/jardin.vallonchene.fr\/de\/#website\",\"url\":\"https:\/\/jardin.vallonchene.fr\/de\/\",\"name\":\"Garten von Vallonch\u00eane\",\"description\":\"\",\"publisher\":{\"@id\":\"https:\/\/jardin.vallonchene.fr\/de\/#organization\"},\"potentialAction\":[{\"@type\":\"SearchAction\",\"target\":{\"@type\":\"EntryPoint\",\"urlTemplate\":\"https:\/\/jardin.vallonchene.fr\/de\/?s={search_term_string}\"},\"query-input\":{\"@type\":\"PropertyValueSpecification\",\"valueRequired\":true,\"valueName\":\"search_term_string\"}}],\"inLanguage\":\"de\"},{\"@type\":\"Organization\",\"@id\":\"https:\/\/jardin.vallonchene.fr\/de\/#organization\",\"name\":\"Garten von Vallonch\u00eane\",\"url\":\"https:\/\/jardin.vallonchene.fr\/de\/\",\"logo\":{\"@type\":\"ImageObject\",\"inLanguage\":\"de\",\"@id\":\"https:\/\/jardin.vallonchene.fr\/de\/#\/schema\/logo\/image\/\",\"url\":\"https:\/\/jardin.vallonchene.fr\/wp-content\/uploads\/2022\/11\/Logo-JARDIN-Vallonchene-avec-site-R-SVG-SIMPLE.png\",\"contentUrl\":\"https:\/\/jardin.vallonchene.fr\/wp-content\/uploads\/2022\/11\/Logo-JARDIN-Vallonchene-avec-site-R-SVG-SIMPLE.png\",\"width\":926,\"height\":678,\"caption\":\"Garten von Vallonch\u00eane\"},\"image\":{\"@id\":\"https:\/\/jardin.vallonchene.fr\/de\/#\/schema\/logo\/image\/\"}}]}<\/script>\n<!-- \/ Yoast SEO plugin. -->","yoast_head_json":{"title":"Kontakt - Garten von Vallonch\u00eane","robots":{"index":"index","follow":"follow","max-snippet":"max-snippet:-1","max-image-preview":"max-image-preview:large","max-video-preview":"max-video-preview:-1"},"canonical":"https:\/\/jardin.vallonchene.fr\/de\/kontakt\/","og_locale":"de_DE","og_type":"article","og_title":"Kontakt - Garten von Vallonch\u00eane","og_description":"Um mit dem Team des Gartens Vallonch\u00eane in Kontakt zu treten, k\u00f6nnen Sie uns gerne anrufen oder eine Nachricht \u00fcber das unten stehende Formular senden. Le Jardin de Vallonch\u00eane1426, chemin d&#8217;Atteville76440 SOMMERY T\u00e9l. : +33 (0)2.35.90.02.02 Eine Nachricht senden Senden Sie uns Ihre Anfrage, und wir werden uns freuen, so schnell wie m\u00f6glich zu antworten.","og_url":"https:\/\/jardin.vallonchene.fr\/de\/kontakt\/","og_site_name":"Garten von Vallonch\u00eane","article_modified_time":"2025-03-08T10:19:40+00:00","twitter_card":"summary_large_image","twitter_misc":{"Gesch\u00e4tzte Lesezeit":"1\u00a0Minute"},"schema":{"@context":"https:\/\/schema.org","@graph":[{"@type":"WebPage","@id":"https:\/\/jardin.vallonchene.fr\/de\/kontakt\/","url":"https:\/\/jardin.vallonchene.fr\/de\/kontakt\/","name":"Kontakt - Garten von Vallonch\u00eane","isPartOf":{"@id":"https:\/\/jardin.vallonchene.fr\/de\/#website"},"datePublished":"2025-03-07T09:08:43+00:00","dateModified":"2025-03-08T10:19:40+00:00","breadcrumb":{"@id":"https:\/\/jardin.vallonchene.fr\/de\/kontakt\/#breadcrumb"},"inLanguage":"de","potentialAction":[{"@type":"ReadAction","target":["https:\/\/jardin.vallonchene.fr\/de\/kontakt\/"]}]},{"@type":"BreadcrumbList","@id":"https:\/\/jardin.vallonchene.fr\/de\/kontakt\/#breadcrumb","itemListElement":[{"@type":"ListItem","position":1,"name":"Accueil","item":"https:\/\/jardin.vallonchene.fr\/de\/"},{"@type":"ListItem","position":2,"name":"Kontakt"}]},{"@type":"WebSite","@id":"https:\/\/jardin.vallonchene.fr\/de\/#website","url":"https:\/\/jardin.vallonchene.fr\/de\/","name":"Garten von Vallonch\u00eane","description":"","publisher":{"@id":"https:\/\/jardin.vallonchene.fr\/de\/#organization"},"potentialAction":[{"@type":"SearchAction","target":{"@type":"EntryPoint","urlTemplate":"https:\/\/jardin.vallonchene.fr\/de\/?s={search_term_string}"},"query-input":{"@type":"PropertyValueSpecification","valueRequired":true,"valueName":"search_term_string"}}],"inLanguage":"de"},{"@type":"Organization","@id":"https:\/\/jardin.vallonchene.fr\/de\/#organization","name":"Garten von Vallonch\u00eane","url":"https:\/\/jardin.vallonchene.fr\/de\/","logo":{"@type":"ImageObject","inLanguage":"de","@id":"https:\/\/jardin.vallonchene.fr\/de\/#\/schema\/logo\/image\/","url":"https:\/\/jardin.vallonchene.fr\/wp-content\/uploads\/2022\/11\/Logo-JARDIN-Vallonchene-avec-site-R-SVG-SIMPLE.png","contentUrl":"https:\/\/jardin.vallonchene.fr\/wp-content\/uploads\/2022\/11\/Logo-JARDIN-Vallonchene-avec-site-R-SVG-SIMPLE.png","width":926,"height":678,"caption":"Garten von Vallonch\u00eane"},"image":{"@id":"https:\/\/jardin.vallonchene.fr\/de\/#\/schema\/logo\/image\/"}}]}},"_links":{"self":[{"href":"https:\/\/jardin.vallonchene.fr\/de\/wp-json\/wp\/v2\/pages\/2539","targetHints":{"allow":["GET"]}}],"collection":[{"href":"https:\/\/jardin.vallonchene.fr\/de\/wp-json\/wp\/v2\/pages"}],"about":[{"href":"https:\/\/jardin.vallonchene.fr\/de\/wp-json\/wp\/v2\/types\/page"}],"author":[{"embeddable":true,"href":"https:\/\/jardin.vallonchene.fr\/de\/wp-json\/wp\/v2\/users\/1"}],"replies":[{"embeddable":true,"href":"https:\/\/jardin.vallonchene.fr\/de\/wp-json\/wp\/v2\/comments?post=2539"}],"version-history":[{"count":0,"href":"https:\/\/jardin.vallonchene.fr\/de\/wp-json\/wp\/v2\/pages\/2539\/revisions"}],"wp:attachment":[{"href":"https:\/\/jardin.vallonchene.fr\/de\/wp-json\/wp\/v2\/media?parent=2539"}],"curies":[{"name":"wp","href":"https:\/\/api.w.org\/{rel}","templated":true}]}}